{"id":21107,"date":"2024-06-12T12:47:48","date_gmt":"2024-06-12T11:47:48","guid":{"rendered":"https:\/\/starinn.hoti.shareit.pt\/porto\/politica-ambiental\/"},"modified":"2026-04-28T09:57:09","modified_gmt":"2026-04-28T08:57:09","slug":"politique-environnementale","status":"publish","type":"page","link":"https:\/\/www.hotelstarinn.com\/fr\/porto\/politique-environnementale\/","title":{"rendered":"Politique Environnementale"},"content":{"rendered":"\t\t<div data-elementor-type=\"wp-page\" data-elementor-id=\"21107\" class=\"elementor elementor-21107 elementor-21037\" data-elementor-post-type=\"page\">\n\t\t\t\t<section class=\"elementor-element elementor-element-6c6eb2b e-con-full e-flex e-con e-parent\" data-id=\"6c6eb2b\" data-element_type=\"container\" data-settings=\"{&quot;background_background&quot;:&quot;classic&quot;}\">\n\t\t<div class=\"elementor-element elementor-element-88c41f8 e-con-full e-flex e-con e-child\" data-id=\"88c41f8\" data-element_type=\"container\">\n\t\t\t\t<div class=\"elementor-element elementor-element-d99bec5 elementor-widget elementor-widget-heading\" data-id=\"d99bec5\" data-element_type=\"widget\" data-widget_type=\"heading.default\">\n\t\t\t\t<div class=\"elementor-widget-container\">\n\t\t\t\t\t<h1 class=\"elementor-heading-title elementor-size-default\">POLITIQUE <\/h1>\t\t\t\t<\/div>\n\t\t\t\t<\/div>\n\t\t\t\t<div class=\"elementor-element elementor-element-1de591b elementor-widget elementor-widget-heading\" data-id=\"1de591b\" data-element_type=\"widget\" data-widget_type=\"heading.default\">\n\t\t\t\t<div class=\"elementor-widget-container\">\n\t\t\t\t\t<h1 class=\"elementor-heading-title elementor-size-default\">ENVIRONNEMENTALE<\/h1>\t\t\t\t<\/div>\n\t\t\t\t<\/div>\n\t\t\t\t<\/div>\n\t\t\t\t<\/section>\n\t\t<section class=\"elementor-element elementor-element-cab6987 e-con-full e-flex e-con e-parent\" data-id=\"cab6987\" data-element_type=\"container\">\n\t\t\t\t<div class=\"elementor-element elementor-element-a610a2c elementor-widget elementor-widget-text-editor\" data-id=\"a610a2c\" data-element_type=\"widget\" data-widget_type=\"text-editor.default\">\n\t\t\t\t<div class=\"elementor-widget-container\">\n\t\t\t\t\t\t\t\t\t<p>L&#8217;h\u00f4tel <strong>Star inn Porto<\/strong> est conscient de l&#8217;importance d&#8217;une gestion responsable et durable dans le d\u00e9veloppement de l&#8217;activit\u00e9 h\u00f4teli\u00e8re. Dans le cadre de ces lignes directrices, nous nous engageons \u00e0 d\u00e9velopper et \u00e0 adopter de bonnes pratiques visant \u00e0 minimiser l&#8217;impact environnemental de nos services, \u00e0 pr\u00e9server les ressources naturelles, l&#8217;efficacit\u00e9 \u00e9nerg\u00e9tique et \u00e0 construire un avenir durable dans le secteur du tourisme. \u00c0 cette fin, <strong>Star inn Porto<\/strong> \u00e9tablit cette politique dans les termes suivants:<\/p>\t\t\t\t\t\t\t\t<\/div>\n\t\t\t\t<\/div>\n\t\t\t\t<\/section>\n\t\t<section class=\"elementor-element elementor-element-16e7567 e-con-full e-flex e-con e-parent\" data-id=\"16e7567\" data-element_type=\"container\">\n\t\t<div class=\"elementor-element elementor-element-32eb677 e-con-full e-flex e-con e-child\" data-id=\"32eb677\" data-element_type=\"container\" data-settings=\"{&quot;background_background&quot;:&quot;classic&quot;}\">\n\t\t\t\t<div class=\"elementor-element elementor-element-0675144 elementor-widget elementor-widget-spacer\" data-id=\"0675144\" data-element_type=\"widget\" data-widget_type=\"spacer.default\">\n\t\t\t\t<div class=\"elementor-widget-container\">\n\t\t\t\t\t\t\t<div class=\"elementor-spacer\">\n\t\t\t<div class=\"elementor-spacer-inner\"><\/div>\n\t\t<\/div>\n\t\t\t\t\t\t<\/div>\n\t\t\t\t<\/div>\n\t\t\t\t<\/div>\n\t\t<div class=\"elementor-element elementor-element-d63fbdc e-con-full e-flex e-con e-child\" data-id=\"d63fbdc\" data-element_type=\"container\">\n\t\t<div class=\"elementor-element elementor-element-1591f18 e-con-full e-flex e-con e-child\" data-id=\"1591f18\" data-element_type=\"container\">\n\t\t\t\t<div class=\"elementor-element elementor-element-aa51c00 elementor-widget elementor-widget-text-editor\" data-id=\"aa51c00\" data-element_type=\"widget\" data-widget_type=\"text-editor.default\">\n\t\t\t\t<div class=\"elementor-widget-container\">\n\t\t\t\t\t\t\t\t\t<p>Se conformer aux exigences l\u00e9gales et environnementales applicables \u00e0 son activit\u00e9, en \u00e9valuant r\u00e9guli\u00e8rement ses impacts<\/p><p>Promouvoir la sensibilisation et la formation \u00e0 l&#8217;environnement aupr\u00e8s des employ\u00e9s afin de les impliquer et de les former aux bonnes pratiques environnementales<\/p><p>Coop\u00e9rer et promouvoir la communication avec les organismes gouvernementaux et externes et les associations.<\/p>\t\t\t\t\t\t\t\t<\/div>\n\t\t\t\t<\/div>\n\t\t\t\t<\/div>\n\t\t\t\t<\/div>\n\t\t\t\t<\/section>\n\t\t<section class=\"elementor-element elementor-element-0928446 e-con-full e-flex e-con e-parent\" data-id=\"0928446\" data-element_type=\"container\">\n\t\t<div class=\"elementor-element elementor-element-e894d0e e-con-full e-flex e-con e-child\" data-id=\"e894d0e\" data-element_type=\"container\">\n\t\t<div class=\"elementor-element elementor-element-b5cc52a e-con-full e-flex e-con e-child\" data-id=\"b5cc52a\" data-element_type=\"container\">\n\t\t\t\t<div class=\"elementor-element elementor-element-fea7ff0 elementor-widget__width-initial elementor-widget elementor-widget-text-editor\" data-id=\"fea7ff0\" data-element_type=\"widget\" data-widget_type=\"text-editor.default\">\n\t\t\t\t<div class=\"elementor-widget-container\">\n\t\t\t\t\t\t\t\t\t<p>Encourager l&#8217;implication des fournisseurs dans les questions de bonnes pratiques environnementales en vue d&#8217;am\u00e9liorer les performances dans ce domaine et celles de l&#8217;ensemble de l&#8217;op\u00e9ration concern\u00e9e.<\/p><p>R\u00e9duire et contr\u00f4ler la consommation d&#8217;\u00e9nergie et de mati\u00e8res premi\u00e8res<\/p><p>Adopter une attitude d&#8217;am\u00e9lioration continue en mati\u00e8re de pr\u00e9vention de la pollution<\/p><p>Consolider la conqu\u00eate de clients d\u00e9sireux de profiter des services offerts par l&#8217;entreprise, avec un niveau de qualit\u00e9 \u00e9lev\u00e9.<\/p>\t\t\t\t\t\t\t\t<\/div>\n\t\t\t\t<\/div>\n\t\t\t\t<\/div>\n\t\t\t\t<\/div>\n\t\t<div class=\"elementor-element elementor-element-2ac5ff6 e-con-full e-flex e-con e-child\" data-id=\"2ac5ff6\" data-element_type=\"container\" data-settings=\"{&quot;background_background&quot;:&quot;classic&quot;}\">\n\t\t\t\t<div class=\"elementor-element elementor-element-84b994a elementor-widget elementor-widget-spacer\" data-id=\"84b994a\" data-element_type=\"widget\" data-widget_type=\"spacer.default\">\n\t\t\t\t<div class=\"elementor-widget-container\">\n\t\t\t\t\t\t\t<div class=\"elementor-spacer\">\n\t\t\t<div class=\"elementor-spacer-inner\"><\/div>\n\t\t<\/div>\n\t\t\t\t\t\t<\/div>\n\t\t\t\t<\/div>\n\t\t\t\t<\/div>\n\t\t\t\t<\/section>\n\t\t<section class=\"elementor-element elementor-element-a29bc57 e-con-full e-flex e-con e-parent\" data-id=\"a29bc57\" data-element_type=\"container\">\n\t\t\t\t<div class=\"elementor-element elementor-element-804f03e elementor-widget elementor-widget-text-editor\" data-id=\"804f03e\" data-element_type=\"widget\" data-widget_type=\"text-editor.default\">\n\t\t\t\t<div class=\"elementor-widget-container\">\n\t\t\t\t\t\t\t\t\t<p>En tenant compte de ces principes, ainsi qu&#8217;en fournissant les ressources n\u00e9cessaires et appropri\u00e9es, y compris un engagement envers des ressources humaines sp\u00e9cialis\u00e9es, avec une formation r\u00e9guli\u00e8re et un \u00e9quipement technologiquement avanc\u00e9, Star inn Porto cherche toujours \u00e0 satisfaire pleinement les besoins et les attentes de ses clients.<\/p>\t\t\t\t\t\t\t\t<\/div>\n\t\t\t\t<\/div>\n\t\t\t\t<\/section>\n\t\t\t\t<\/div>\n\t\t","protected":false},"excerpt":{"rendered":"<p>POLITIQUE ENVIRONNEMENTALE L&#8217;h\u00f4tel Star inn Porto est conscient de l&#8217;importance d&#8217;une gestion responsable et durable dans le d\u00e9veloppement de l&#8217;activit\u00e9 h\u00f4teli\u00e8re. Dans le cadre de ces lignes directrices, nous nous engageons \u00e0 d\u00e9velopper et \u00e0 adopter de bonnes pratiques visant \u00e0 minimiser l&#8217;impact environnemental de nos services, \u00e0 pr\u00e9server les ressources naturelles, l&#8217;efficacit\u00e9 \u00e9nerg\u00e9tique et [&hellip;]<\/p>\n","protected":false},"author":1,"featured_media":0,"parent":21071,"menu_order":0,"comment_status":"closed","ping_status":"closed","template":"page-starinn-porto.php","meta":{"_acf_changed":false,"footnotes":""},"class_list":["post-21107","page","type-page","status-publish","hentry"],"acf":[],"yoast_head":"<!-- This site is optimized with the Yoast SEO plugin v24.5 - https:\/\/yoast.com\/wordpress\/plugins\/seo\/ -->\n<title>Politique Environnementale - H\u00f4tels Star Inn<\/title>\n<meta name=\"description\" content=\"Hotel em Lisboa, Porto e Peniche localiza\u00e7\u00e3o priveligiada pr\u00f3ximo do centro. Melhor pre\u00e7o. Consulte as nossas promo\u00e7\u00f5es.\" \/>\n<meta name=\"robots\" content=\"index, follow, max-snippet:-1, max-image-preview:large, max-video-preview:-1\" \/>\n<link rel=\"canonical\" href=\"https:\/\/www.hotelstarinn.com\/fr\/porto\/politique-environnementale\/\" \/>\n<meta property=\"og:locale\" content=\"fr_FR\" \/>\n<meta property=\"og:type\" content=\"article\" \/>\n<meta property=\"og:title\" content=\"Politique Environnementale - H\u00f4tels Star Inn\" \/>\n<meta property=\"og:description\" content=\"Hotel em Lisboa, Porto e Peniche localiza\u00e7\u00e3o priveligiada pr\u00f3ximo do centro. Melhor pre\u00e7o. Consulte as nossas promo\u00e7\u00f5es.\" \/>\n<meta property=\"og:url\" content=\"https:\/\/www.hotelstarinn.com\/fr\/porto\/politique-environnementale\/\" \/>\n<meta property=\"og:site_name\" content=\"H\u00f4tels Star Inn\" \/>\n<meta property=\"article:modified_time\" content=\"2026-04-28T08:57:09+00:00\" \/>\n<meta property=\"og:image\" content=\"https:\/\/www.hotelstarinn.com\/wp-content\/uploads\/sites\/32\/2024\/08\/Open-Graph.jpg\" \/>\n\t<meta property=\"og:image:width\" content=\"1200\" \/>\n\t<meta property=\"og:image:height\" content=\"630\" \/>\n\t<meta property=\"og:image:type\" content=\"image\/jpeg\" \/>\n<meta name=\"twitter:card\" content=\"summary_large_image\" \/>\n<meta name=\"twitter:label1\" content=\"Dur\u00e9e de lecture estim\u00e9e\" \/>\n\t<meta name=\"twitter:data1\" content=\"2 minutes\" \/>\n<script type=\"application\/ld+json\" class=\"yoast-schema-graph\">{\"@context\":\"https:\/\/schema.org\",\"@graph\":[{\"@type\":\"WebPage\",\"@id\":\"https:\/\/www.hotelstarinn.com\/fr\/porto\/politique-environnementale\/\",\"url\":\"https:\/\/www.hotelstarinn.com\/fr\/porto\/politique-environnementale\/\",\"name\":\"Politique Environnementale - H\u00f4tels Star Inn\",\"isPartOf\":{\"@id\":\"https:\/\/www.hotelstarinn.com\/fr\/#website\"},\"datePublished\":\"2024-06-12T11:47:48+00:00\",\"dateModified\":\"2026-04-28T08:57:09+00:00\",\"description\":\"Hotel em Lisboa, Porto e Peniche localiza\u00e7\u00e3o priveligiada pr\u00f3ximo do centro. Melhor pre\u00e7o. Consulte as nossas promo\u00e7\u00f5es.\",\"breadcrumb\":{\"@id\":\"https:\/\/www.hotelstarinn.com\/fr\/porto\/politique-environnementale\/#breadcrumb\"},\"inLanguage\":\"fr-FR\",\"potentialAction\":[{\"@type\":\"ReadAction\",\"target\":[\"https:\/\/www.hotelstarinn.com\/fr\/porto\/politique-environnementale\/\"]}]},{\"@type\":\"BreadcrumbList\",\"@id\":\"https:\/\/www.hotelstarinn.com\/fr\/porto\/politique-environnementale\/#breadcrumb\",\"itemListElement\":[{\"@type\":\"ListItem\",\"position\":1,\"name\":\"In\u00edcio\",\"item\":\"https:\/\/www.hotelstarinn.com\/fr\/\"},{\"@type\":\"ListItem\",\"position\":2,\"name\":\"HOMEPAGE &#8211; Porto\",\"item\":\"https:\/\/www.hotelstarinn.com\/fr\/porto\/\"},{\"@type\":\"ListItem\",\"position\":3,\"name\":\"Politique Environnementale\"}]},{\"@type\":\"WebSite\",\"@id\":\"https:\/\/www.hotelstarinn.com\/fr\/#website\",\"url\":\"https:\/\/www.hotelstarinn.com\/fr\/\",\"name\":\"Star Inn Hot\u00e9is | Hotel Lisboa | Hotel Porto | Hotel Peniche\",\"description\":\"D\u00e9couvrez nos h\u00f4tels \u00e0 Porto, Peniche et Lisbonne, proches des centre-villes et au meilleur prix | Profitez de nos offres &amp; promotions encore disponibles ici!\",\"publisher\":{\"@id\":\"https:\/\/www.hotelstarinn.com\/fr\/#organization\"},\"alternateName\":\"Star Inn Hot\u00e9is\",\"potentialAction\":[{\"@type\":\"SearchAction\",\"target\":{\"@type\":\"EntryPoint\",\"urlTemplate\":\"https:\/\/www.hotelstarinn.com\/fr\/?s={search_term_string}\"},\"query-input\":{\"@type\":\"PropertyValueSpecification\",\"valueRequired\":true,\"valueName\":\"search_term_string\"}}],\"inLanguage\":\"fr-FR\"},{\"@type\":\"Organization\",\"@id\":\"https:\/\/www.hotelstarinn.com\/fr\/#organization\",\"name\":\"Star Inn Hot\u00e9is\",\"alternateName\":\"Hot\u00e9is Star Inn\",\"url\":\"https:\/\/www.hotelstarinn.com\/fr\/\",\"logo\":{\"@type\":\"ImageObject\",\"inLanguage\":\"fr-FR\",\"@id\":\"https:\/\/www.hotelstarinn.com\/fr\/#\/schema\/logo\/image\/\",\"url\":\"https:\/\/www.hotelstarinn.com\/wp-content\/uploads\/sites\/32\/2024\/05\/Starinn_Logo.svg\",\"contentUrl\":\"https:\/\/www.hotelstarinn.com\/wp-content\/uploads\/sites\/32\/2024\/05\/Starinn_Logo.svg\",\"width\":1,\"height\":1,\"caption\":\"Star Inn Hot\u00e9is\"},\"image\":{\"@id\":\"https:\/\/www.hotelstarinn.com\/fr\/#\/schema\/logo\/image\/\"},\"sameAs\":[\"https:\/\/www.linkedin.com\/company\/hoti-hoteis\/\",\"https:\/\/www.youtube.com\/channel\/UCP0ugsnZVvziVrrstHe2gqg\"]}]}<\/script>\n<!-- \/ Yoast SEO plugin. -->","yoast_head_json":{"title":"Politique Environnementale - H\u00f4tels Star Inn","description":"Hotel em Lisboa, Porto e Peniche localiza\u00e7\u00e3o priveligiada pr\u00f3ximo do centro. Melhor pre\u00e7o. Consulte as nossas promo\u00e7\u00f5es.","robots":{"index":"index","follow":"follow","max-snippet":"max-snippet:-1","max-image-preview":"max-image-preview:large","max-video-preview":"max-video-preview:-1"},"canonical":"https:\/\/www.hotelstarinn.com\/fr\/porto\/politique-environnementale\/","og_locale":"fr_FR","og_type":"article","og_title":"Politique Environnementale - H\u00f4tels Star Inn","og_description":"Hotel em Lisboa, Porto e Peniche localiza\u00e7\u00e3o priveligiada pr\u00f3ximo do centro. Melhor pre\u00e7o. Consulte as nossas promo\u00e7\u00f5es.","og_url":"https:\/\/www.hotelstarinn.com\/fr\/porto\/politique-environnementale\/","og_site_name":"H\u00f4tels Star Inn","article_modified_time":"2026-04-28T08:57:09+00:00","og_image":[{"width":1200,"height":630,"url":"https:\/\/www.hotelstarinn.com\/wp-content\/uploads\/sites\/32\/2024\/08\/Open-Graph.jpg","type":"image\/jpeg"}],"twitter_card":"summary_large_image","twitter_misc":{"Dur\u00e9e de lecture estim\u00e9e":"2 minutes"},"schema":{"@context":"https:\/\/schema.org","@graph":[{"@type":"WebPage","@id":"https:\/\/www.hotelstarinn.com\/fr\/porto\/politique-environnementale\/","url":"https:\/\/www.hotelstarinn.com\/fr\/porto\/politique-environnementale\/","name":"Politique Environnementale - H\u00f4tels Star Inn","isPartOf":{"@id":"https:\/\/www.hotelstarinn.com\/fr\/#website"},"datePublished":"2024-06-12T11:47:48+00:00","dateModified":"2026-04-28T08:57:09+00:00","description":"Hotel em Lisboa, Porto e Peniche localiza\u00e7\u00e3o priveligiada pr\u00f3ximo do centro. Melhor pre\u00e7o. Consulte as nossas promo\u00e7\u00f5es.","breadcrumb":{"@id":"https:\/\/www.hotelstarinn.com\/fr\/porto\/politique-environnementale\/#breadcrumb"},"inLanguage":"fr-FR","potentialAction":[{"@type":"ReadAction","target":["https:\/\/www.hotelstarinn.com\/fr\/porto\/politique-environnementale\/"]}]},{"@type":"BreadcrumbList","@id":"https:\/\/www.hotelstarinn.com\/fr\/porto\/politique-environnementale\/#breadcrumb","itemListElement":[{"@type":"ListItem","position":1,"name":"In\u00edcio","item":"https:\/\/www.hotelstarinn.com\/fr\/"},{"@type":"ListItem","position":2,"name":"HOMEPAGE &#8211; Porto","item":"https:\/\/www.hotelstarinn.com\/fr\/porto\/"},{"@type":"ListItem","position":3,"name":"Politique Environnementale"}]},{"@type":"WebSite","@id":"https:\/\/www.hotelstarinn.com\/fr\/#website","url":"https:\/\/www.hotelstarinn.com\/fr\/","name":"Star Inn Hot\u00e9is | Hotel Lisboa | Hotel Porto | Hotel Peniche","description":"D\u00e9couvrez nos h\u00f4tels \u00e0 Porto, Peniche et Lisbonne, proches des centre-villes et au meilleur prix | Profitez de nos offres &amp; promotions encore disponibles ici!","publisher":{"@id":"https:\/\/www.hotelstarinn.com\/fr\/#organization"},"alternateName":"Star Inn Hot\u00e9is","potentialAction":[{"@type":"SearchAction","target":{"@type":"EntryPoint","urlTemplate":"https:\/\/www.hotelstarinn.com\/fr\/?s={search_term_string}"},"query-input":{"@type":"PropertyValueSpecification","valueRequired":true,"valueName":"search_term_string"}}],"inLanguage":"fr-FR"},{"@type":"Organization","@id":"https:\/\/www.hotelstarinn.com\/fr\/#organization","name":"Star Inn Hot\u00e9is","alternateName":"Hot\u00e9is Star Inn","url":"https:\/\/www.hotelstarinn.com\/fr\/","logo":{"@type":"ImageObject","inLanguage":"fr-FR","@id":"https:\/\/www.hotelstarinn.com\/fr\/#\/schema\/logo\/image\/","url":"https:\/\/www.hotelstarinn.com\/wp-content\/uploads\/sites\/32\/2024\/05\/Starinn_Logo.svg","contentUrl":"https:\/\/www.hotelstarinn.com\/wp-content\/uploads\/sites\/32\/2024\/05\/Starinn_Logo.svg","width":1,"height":1,"caption":"Star Inn Hot\u00e9is"},"image":{"@id":"https:\/\/www.hotelstarinn.com\/fr\/#\/schema\/logo\/image\/"},"sameAs":["https:\/\/www.linkedin.com\/company\/hoti-hoteis\/","https:\/\/www.youtube.com\/channel\/UCP0ugsnZVvziVrrstHe2gqg"]}]}},"_links":{"self":[{"href":"https:\/\/www.hotelstarinn.com\/fr\/wp-json\/wp\/v2\/pages\/21107","targetHints":{"allow":["GET"]}}],"collection":[{"href":"https:\/\/www.hotelstarinn.com\/fr\/wp-json\/wp\/v2\/pages"}],"about":[{"href":"https:\/\/www.hotelstarinn.com\/fr\/wp-json\/wp\/v2\/types\/page"}],"author":[{"embeddable":true,"href":"https:\/\/www.hotelstarinn.com\/fr\/wp-json\/wp\/v2\/users\/1"}],"replies":[{"embeddable":true,"href":"https:\/\/www.hotelstarinn.com\/fr\/wp-json\/wp\/v2\/comments?post=21107"}],"version-history":[{"count":10,"href":"https:\/\/www.hotelstarinn.com\/fr\/wp-json\/wp\/v2\/pages\/21107\/revisions"}],"predecessor-version":[{"id":44048,"href":"https:\/\/www.hotelstarinn.com\/fr\/wp-json\/wp\/v2\/pages\/21107\/revisions\/44048"}],"up":[{"embeddable":true,"href":"https:\/\/www.hotelstarinn.com\/fr\/wp-json\/wp\/v2\/pages\/21071"}],"wp:attachment":[{"href":"https:\/\/www.hotelstarinn.com\/fr\/wp-json\/wp\/v2\/media?parent=21107"}],"curies":[{"name":"wp","href":"https:\/\/api.w.org\/{rel}","templated":true}]}}